{"id":1213,"date":"2020-12-16T15:56:06","date_gmt":"2020-12-16T14:56:06","guid":{"rendered":"https:\/\/deutsch-im-dialog.eu\/?page_id=1213"},"modified":"2021-08-10T11:32:32","modified_gmt":"2021-08-10T09:32:32","slug":"individuelle-deutschkurse","status":"publish","type":"page","link":"https:\/\/deutsch-im-dialog.eu\/fr\/individuelle-deutschkurse\/","title":{"rendered":"Cours d\u2019allemand individuels"},"content":{"rendered":"<div data-elementor-type=\"wp-page\" data-elementor-id=\"1213\" class=\"elementor elementor-1213\">\n\t\t\t\t\t\t<section class=\"elementor-section elementor-top-section elementor-element elementor-element-c8523b2 elementor-section-boxed elementor-section-height-default elementor-section-height-default\" data-id=\"c8523b2\" data-element_type=\"section\">\n\t\t\t\t\t\t<div class=\"elementor-container elementor-column-gap-default\">\n\t\t\t\t\t<div class=\"elementor-column elementor-col-100 elementor-top-column elementor-element elementor-element-51b5353\" data-id=\"51b5353\" data-element_type=\"column\">\n\t\t\t<div class=\"elementor-widget-wrap elementor-element-populated\">\n\t\t\t\t\t\t<div class=\"elementor-element elementor-element-f8f0d16 elementor-arrows-position-inside elementor-widget elementor-widget-image-carousel\" data-id=\"f8f0d16\" data-element_type=\"widget\" data-settings=\"{&quot;slides_to_show&quot;:&quot;4&quot;,&quot;navigation&quot;:&quot;arrows&quot;,&quot;image_spacing_custom&quot;:{&quot;unit&quot;:&quot;px&quot;,&quot;size&quot;:25,&quot;sizes&quot;:[]},&quot;speed&quot;:1500,&quot;autoplay&quot;:&quot;yes&quot;,&quot;pause_on_hover&quot;:&quot;yes&quot;,&quot;pause_on_interaction&quot;:&quot;yes&quot;,&quot;autoplay_speed&quot;:5000,&quot;infinite&quot;:&quot;yes&quot;,&quot;image_spacing_custom_tablet&quot;:{&quot;unit&quot;:&quot;px&quot;,&quot;size&quot;:&quot;&quot;,&quot;sizes&quot;:[]},&quot;image_spacing_custom_mobile&quot;:{&quot;unit&quot;:&quot;px&quot;,&quot;size&quot;:&quot;&quot;,&quot;sizes&quot;:[]}}\" data-widget_type=\"image-carousel.default\">\n\t\t\t\t<div class=\"elementor-widget-container\">\n\t\t\t\t\t\t\t<div class=\"elementor-image-carousel-wrapper swiper\" role=\"region\" aria-roledescription=\"carousel\" aria-label=\"Carrousel d\u2019images\" dir=\"ltr\">\n\t\t\t<div class=\"elementor-image-carousel swiper-wrapper swiper-image-stretch\" aria-live=\"off\">\n\t\t\t\t\t\t\t\t<div class=\"swiper-slide\" role=\"group\" aria-roledescription=\"slide\" aria-label=\"1 sur 9\"><figure class=\"swiper-slide-inner\"><img decoding=\"async\" class=\"swiper-slide-image\" src=\"https:\/\/deutsch-im-dialog.eu\/wp-content\/uploads\/deutsch-im-dialog-politik-300x201.jpg\" alt=\"Politik\" \/><figcaption class=\"elementor-image-carousel-caption\">Politique<\/figcaption><\/figure><\/div><div class=\"swiper-slide\" role=\"group\" aria-roledescription=\"slide\" aria-label=\"2 sur 9\"><figure class=\"swiper-slide-inner\"><img decoding=\"async\" class=\"swiper-slide-image\" src=\"https:\/\/deutsch-im-dialog.eu\/wp-content\/uploads\/deutsch-im-dialog-small-talk-300x201.jpg\" alt=\"Gesellschaft\" \/><figcaption class=\"elementor-image-carousel-caption\">Societ\u00e9<\/figcaption><\/figure><\/div><div class=\"swiper-slide\" role=\"group\" aria-roledescription=\"slide\" aria-label=\"3 sur 9\"><figure class=\"swiper-slide-inner\"><img decoding=\"async\" class=\"swiper-slide-image\" src=\"https:\/\/deutsch-im-dialog.eu\/wp-content\/uploads\/deutsch-im-dialog-deutsche-geschichte-300x201.jpg\" alt=\"Deutsche Geschichte\" \/><figcaption class=\"elementor-image-carousel-caption\">Histoire allemande<\/figcaption><\/figure><\/div><div class=\"swiper-slide\" role=\"group\" aria-roledescription=\"slide\" aria-label=\"4 sur 9\"><figure class=\"swiper-slide-inner\"><img decoding=\"async\" class=\"swiper-slide-image\" src=\"https:\/\/deutsch-im-dialog.eu\/wp-content\/uploads\/deutsch-im-dialog-gesellschaft-300x201.jpg\" alt=\"Small Talk\" \/><figcaption class=\"elementor-image-carousel-caption\">Conversation simple<\/figcaption><\/figure><\/div><div class=\"swiper-slide\" role=\"group\" aria-roledescription=\"slide\" aria-label=\"5 sur 9\"><figure class=\"swiper-slide-inner\"><img decoding=\"async\" class=\"swiper-slide-image\" src=\"https:\/\/deutsch-im-dialog.eu\/wp-content\/uploads\/deutsch-im-dialog-forschung-300x201.jpg\" alt=\"Studium\" \/><figcaption class=\"elementor-image-carousel-caption\">\u00c9tudes<\/figcaption><\/figure><\/div><div class=\"swiper-slide\" role=\"group\" aria-roledescription=\"slide\" aria-label=\"6 sur 9\"><figure class=\"swiper-slide-inner\"><img decoding=\"async\" class=\"swiper-slide-image\" src=\"https:\/\/deutsch-im-dialog.eu\/wp-content\/uploads\/deutsch-im-dialog_architektur-dessau-Kopie-300x201.jpg\" alt=\"Architektur\" \/><figcaption class=\"elementor-image-carousel-caption\">Architecture<\/figcaption><\/figure><\/div><div class=\"swiper-slide\" role=\"group\" aria-roledescription=\"slide\" aria-label=\"7 sur 9\"><figure class=\"swiper-slide-inner\"><img decoding=\"async\" class=\"swiper-slide-image\" src=\"https:\/\/deutsch-im-dialog.eu\/wp-content\/uploads\/deutsch-im-dialog-kunst-kultur-300x201.jpg\" alt=\"Kunst &amp; Kultur\" \/><figcaption class=\"elementor-image-carousel-caption\">Kunst &amp; Kultur<\/figcaption><\/figure><\/div><div class=\"swiper-slide\" role=\"group\" aria-roledescription=\"slide\" aria-label=\"8 sur 9\"><figure class=\"swiper-slide-inner\"><img decoding=\"async\" class=\"swiper-slide-image\" src=\"https:\/\/deutsch-im-dialog.eu\/wp-content\/uploads\/deutsch-im-dialog-wissenschaft-300x201.jpg\" alt=\"Wissenschaft\" \/><figcaption class=\"elementor-image-carousel-caption\">Science<\/figcaption><\/figure><\/div><div class=\"swiper-slide\" role=\"group\" aria-roledescription=\"slide\" aria-label=\"9 sur 9\"><figure class=\"swiper-slide-inner\"><img decoding=\"async\" class=\"swiper-slide-image\" src=\"https:\/\/deutsch-im-dialog.eu\/wp-content\/uploads\/deutsch-im-dialog-lehre-300x201.jpg\" alt=\"Lehre\" \/><figcaption class=\"elementor-image-carousel-caption\">Enseignement<\/figcaption><\/figure><\/div>\t\t\t<\/div>\n\t\t\t\t\t\t\t\t\t\t\t\t<div class=\"elementor-swiper-button elementor-swiper-button-prev\" role=\"button\" tabindex=\"0\">\n\t\t\t\t\t\t<i aria-hidden=\"true\" class=\"eicon-chevron-left\"><\/i>\t\t\t\t\t<\/div>\n\t\t\t\t\t<div class=\"elementor-swiper-button elementor-swiper-button-next\" role=\"button\" tabindex=\"0\">\n\t\t\t\t\t\t<i aria-hidden=\"true\" class=\"eicon-chevron-right\"><\/i>\t\t\t\t\t<\/div>\n\t\t\t\t\n\t\t\t\t\t\t\t\t\t<\/div>\n\t\t\t\t\t\t<\/div>\n\t\t\t\t<\/div>\n\t\t\t\t<div class=\"elementor-element elementor-element-c1d7d24 elementor-widget elementor-widget-spacer\" data-id=\"c1d7d24\" data-element_type=\"widget\" data-widget_type=\"spacer.default\">\n\t\t\t\t<div class=\"elementor-widget-container\">\n\t\t\t\t\t\t\t<div class=\"elementor-spacer\">\n\t\t\t<div class=\"elementor-spacer-inner\"><\/div>\n\t\t<\/div>\n\t\t\t\t\t\t<\/div>\n\t\t\t\t<\/div>\n\t\t\t\t\t<\/div>\n\t\t<\/div>\n\t\t\t\t\t<\/div>\n\t\t<\/section>\n\t\t\t\t<section class=\"elementor-section elementor-top-section elementor-element elementor-element-2f33f151 elementor-section-boxed elementor-section-height-default elementor-section-height-default\" data-id=\"2f33f151\" data-element_type=\"section\">\n\t\t\t\t\t\t<div class=\"elementor-container elementor-column-gap-default\">\n\t\t\t\t\t<div class=\"elementor-column elementor-col-50 elementor-top-column elementor-element elementor-element-a478537\" data-id=\"a478537\" data-element_type=\"column\">\n\t\t\t<div class=\"elementor-widget-wrap elementor-element-populated\">\n\t\t\t\t\t\t<div class=\"elementor-element elementor-element-24214e2 elementor-widget elementor-widget-heading\" data-id=\"24214e2\" data-element_type=\"widget\" data-widget_type=\"heading.default\">\n\t\t\t\t<div class=\"elementor-widget-container\">\n\t\t\t\t\t<h1 class=\"elementor-heading-title elementor-size-default\">Apprendre l\u2019allemand \u2013 selon ses besoins<\/h1>\t\t\t\t<\/div>\n\t\t\t\t<\/div>\n\t\t\t\t<div class=\"elementor-element elementor-element-8b38fe6 elementor-widget elementor-widget-spacer\" data-id=\"8b38fe6\" data-element_type=\"widget\" data-widget_type=\"spacer.default\">\n\t\t\t\t<div class=\"elementor-widget-container\">\n\t\t\t\t\t\t\t<div class=\"elementor-spacer\">\n\t\t\t<div class=\"elementor-spacer-inner\"><\/div>\n\t\t<\/div>\n\t\t\t\t\t\t<\/div>\n\t\t\t\t<\/div>\n\t\t\t\t<div class=\"elementor-element elementor-element-9f03bfc elementor-widget elementor-widget-text-editor\" data-id=\"9f03bfc\" data-element_type=\"widget\" data-widget_type=\"text-editor.default\">\n\t\t\t\t<div class=\"elementor-widget-container\">\n\t\t\t\t\t\t\t\t\t<p>Je propose mon large \u00e9ventail de services en particulier aux diplomates, aux professionnels et dirigeants internationaux, aux universitaires et aux \u00e9tudiants :<\/p><p>\u00a0<\/p><ul><li>des cours sur mesure en face \u00e0 face, individuels ou en petits groupes (max. 6 personnes)<\/li><li>pour les niveaux A1 \u00e0 C2 du Cadre europ\u00e9en commun de r\u00e9f\u00e9rence pour les langues (CECRL)<\/li><li>En personne \u00e0 Berlin ou Potsdam, ainsi qu\u2019en ligne via Zoom ou Skype<\/li><\/ul><p>Gr\u00e2ce \u00e0 ma longue exp\u00e9rience et mon expertise, je vous apporte mon aide pour relever les d\u00e9fis de l\u2019apprentissage de l\u2019allemand \u2013 que vous ayez besoin de l\u2019allemand pour votre travail, vos \u00e9tudes ou votre quotidien en Allemagne.\u00a0\u00a0<\/p>\t\t\t\t\t\t\t\t<\/div>\n\t\t\t\t<\/div>\n\t\t\t\t<div class=\"elementor-element elementor-element-504aab9 elementor-widget elementor-widget-spacer\" data-id=\"504aab9\" data-element_type=\"widget\" data-widget_type=\"spacer.default\">\n\t\t\t\t<div class=\"elementor-widget-container\">\n\t\t\t\t\t\t\t<div class=\"elementor-spacer\">\n\t\t\t<div class=\"elementor-spacer-inner\"><\/div>\n\t\t<\/div>\n\t\t\t\t\t\t<\/div>\n\t\t\t\t<\/div>\n\t\t\t\t<div class=\"elementor-element elementor-element-23da3ec elementor-widget elementor-widget-text-editor\" data-id=\"23da3ec\" data-element_type=\"widget\" data-widget_type=\"text-editor.default\">\n\t\t\t\t<div class=\"elementor-widget-container\">\n\t\t\t\t\t\t\t\t\t<p><strong>Vos avantages :<\/strong><\/p><ul><li>maximale Flexibilit\u00e4t bei den Terminen (7:00 &#8211; 21:00 Uhr, 7 Tage\/Woche )<\/li><li>au premier plan : vos objectifs et votre rythme d\u2019apprentissage<\/li><li>des cours efficaces gr\u00e2ce \u00e0 du mat\u00e9riel d\u2019apprentissage et des exercices adapt\u00e9s \u00e0 vos besoins<\/li><li>un conseil personnel sur les strat\u00e9gies d\u2019apprentissage<\/li><li>une pr\u00e9paration aux examens optimale pour tous les certificats du Goethe-Institut, les certificats telc ainsi que le TestDaF<\/li><li>des conversations sur des th\u00e8mes culturels, scientifiques, politiques, historiques et bien d\u2019autres, avec moi, votre interlocutrice comp\u00e9tente<\/li><\/ul>\t\t\t\t\t\t\t\t<\/div>\n\t\t\t\t<\/div>\n\t\t\t\t<div class=\"elementor-element elementor-element-cb9aa24 elementor-widget elementor-widget-spacer\" data-id=\"cb9aa24\" data-element_type=\"widget\" data-widget_type=\"spacer.default\">\n\t\t\t\t<div class=\"elementor-widget-container\">\n\t\t\t\t\t\t\t<div class=\"elementor-spacer\">\n\t\t\t<div class=\"elementor-spacer-inner\"><\/div>\n\t\t<\/div>\n\t\t\t\t\t\t<\/div>\n\t\t\t\t<\/div>\n\t\t\t\t<div class=\"elementor-element elementor-element-834ca18 elementor-widget elementor-widget-text-editor\" data-id=\"834ca18\" data-element_type=\"widget\" data-widget_type=\"text-editor.default\">\n\t\t\t\t<div class=\"elementor-widget-container\">\n\t\t\t\t\t\t\t\t\t<p class=\"translation-block\">Sie bestimmen Inhalt, Ort und zeitlichen Rahmen. Start und Dauer sind flexibel.<br>Zum Beispiel: 2 oder 4 Unterrichtsstunden ein oder zwei Mal pro Woche oder<br>Intensivtraining f\u00fcr schnelles Lerntempo mit 4 bis 6 Unterrichtsstunden t\u00e4glich.<\/p>\t\t\t\t\t\t\t\t<\/div>\n\t\t\t\t<\/div>\n\t\t\t\t<div class=\"elementor-element elementor-element-b5685ae elementor-widget elementor-widget-spacer\" data-id=\"b5685ae\" data-element_type=\"widget\" data-widget_type=\"spacer.default\">\n\t\t\t\t<div class=\"elementor-widget-container\">\n\t\t\t\t\t\t\t<div class=\"elementor-spacer\">\n\t\t\t<div class=\"elementor-spacer-inner\"><\/div>\n\t\t<\/div>\n\t\t\t\t\t\t<\/div>\n\t\t\t\t<\/div>\n\t\t\t\t<section class=\"elementor-section elementor-inner-section elementor-element elementor-element-10d27c9 elementor-section-boxed elementor-section-height-default elementor-section-height-default\" data-id=\"10d27c9\" data-element_type=\"section\">\n\t\t\t\t\t\t<div class=\"elementor-container elementor-column-gap-default\">\n\t\t\t\t\t<div class=\"elementor-column elementor-col-50 elementor-inner-column elementor-element elementor-element-164f7af\" data-id=\"164f7af\" data-element_type=\"column\">\n\t\t\t<div class=\"elementor-widget-wrap elementor-element-populated\">\n\t\t\t\t\t\t<div class=\"elementor-element elementor-element-ef77bfd elementor-view-default elementor-widget elementor-widget-icon\" data-id=\"ef77bfd\" data-element_type=\"widget\" data-widget_type=\"icon.default\">\n\t\t\t\t<div class=\"elementor-widget-container\">\n\t\t\t\t\t\t\t<div class=\"elementor-icon-wrapper\">\n\t\t\t<div class=\"elementor-icon\">\n\t\t\t<i aria-hidden=\"true\" class=\"far fa-comments\"><\/i>\t\t\t<\/div>\n\t\t<\/div>\n\t\t\t\t\t\t<\/div>\n\t\t\t\t<\/div>\n\t\t\t\t\t<\/div>\n\t\t<\/div>\n\t\t\t\t<div class=\"elementor-column elementor-col-50 elementor-inner-column elementor-element elementor-element-9c0fc6c\" data-id=\"9c0fc6c\" data-element_type=\"column\">\n\t\t\t<div class=\"elementor-widget-wrap elementor-element-populated\">\n\t\t\t\t\t\t<div class=\"elementor-element elementor-element-d0df5d4 elementor-widget elementor-widget-text-editor\" data-id=\"d0df5d4\" data-element_type=\"widget\" data-widget_type=\"text-editor.default\">\n\t\t\t\t<div class=\"elementor-widget-container\">\n\t\t\t\t\t\t\t\t\t<p><strong>Contactez-moi et nous trouverons une solution adapt\u00e9e \u00e0 vos besoins.<br \/><\/strong>Marie Luise Kretschmer<br \/>Tel. +49 (0) 177 70 72 73 4<br \/>E-Mail: info@deutsch-im-dialog.eu<\/p>\t\t\t\t\t\t\t\t<\/div>\n\t\t\t\t<\/div>\n\t\t\t\t\t<\/div>\n\t\t<\/div>\n\t\t\t\t\t<\/div>\n\t\t<\/section>\n\t\t\t\t<div class=\"elementor-element elementor-element-1f6900a elementor-widget elementor-widget-spacer\" data-id=\"1f6900a\" data-element_type=\"widget\" data-widget_type=\"spacer.default\">\n\t\t\t\t<div class=\"elementor-widget-container\">\n\t\t\t\t\t\t\t<div class=\"elementor-spacer\">\n\t\t\t<div class=\"elementor-spacer-inner\"><\/div>\n\t\t<\/div>\n\t\t\t\t\t\t<\/div>\n\t\t\t\t<\/div>\n\t\t\t\t<div class=\"elementor-element elementor-element-1d09b5a elementor-widget elementor-widget-spacer\" data-id=\"1d09b5a\" data-element_type=\"widget\" data-widget_type=\"spacer.default\">\n\t\t\t\t<div class=\"elementor-widget-container\">\n\t\t\t\t\t\t\t<div class=\"elementor-spacer\">\n\t\t\t<div class=\"elementor-spacer-inner\"><\/div>\n\t\t<\/div>\n\t\t\t\t\t\t<\/div>\n\t\t\t\t<\/div>\n\t\t\t\t\t<\/div>\n\t\t<\/div>\n\t\t\t\t<div class=\"elementor-column elementor-col-50 elementor-top-column elementor-element elementor-element-333c005\" data-id=\"333c005\" data-element_type=\"column\">\n\t\t\t<div class=\"elementor-widget-wrap elementor-element-populated\">\n\t\t\t\t\t\t<div class=\"elementor-element elementor-element-dc34081 elementor-widget elementor-widget-spacer\" data-id=\"dc34081\" data-element_type=\"widget\" data-widget_type=\"spacer.default\">\n\t\t\t\t<div class=\"elementor-widget-container\">\n\t\t\t\t\t\t\t<div class=\"elementor-spacer\">\n\t\t\t<div class=\"elementor-spacer-inner\"><\/div>\n\t\t<\/div>\n\t\t\t\t\t\t<\/div>\n\t\t\t\t<\/div>\n\t\t\t\t<div class=\"elementor-element elementor-element-bf6c040 elementor-widget elementor-widget-heading\" data-id=\"bf6c040\" data-element_type=\"widget\" data-widget_type=\"heading.default\">\n\t\t\t\t<div class=\"elementor-widget-container\">\n\t\t\t\t\t<h2 class=\"elementor-heading-title elementor-size-default\">Mes sp\u00e9cialit\u00e9s<\/h2>\t\t\t\t<\/div>\n\t\t\t\t<\/div>\n\t\t\t\t<div class=\"elementor-element elementor-element-899f6cb elementor-widget elementor-widget-spacer\" data-id=\"899f6cb\" data-element_type=\"widget\" data-widget_type=\"spacer.default\">\n\t\t\t\t<div class=\"elementor-widget-container\">\n\t\t\t\t\t\t\t<div class=\"elementor-spacer\">\n\t\t\t<div class=\"elementor-spacer-inner\"><\/div>\n\t\t<\/div>\n\t\t\t\t\t\t<\/div>\n\t\t\t\t<\/div>\n\t\t\t\t<div class=\"elementor-element elementor-element-af1d4a8 elementor-widget elementor-widget-toggle\" data-id=\"af1d4a8\" data-element_type=\"widget\" data-widget_type=\"toggle.default\">\n\t\t\t\t<div class=\"elementor-widget-container\">\n\t\t\t\t\t\t\t<div class=\"elementor-toggle\">\n\t\t\t\t\t\t\t<div class=\"elementor-toggle-item\">\n\t\t\t\t\t<div id=\"elementor-tab-title-1831\" class=\"elementor-tab-title\" data-tab=\"1\" role=\"button\" aria-controls=\"elementor-tab-content-1831\" aria-expanded=\"false\">\n\t\t\t\t\t\t\t\t\t\t\t\t<a class=\"elementor-toggle-title\" tabindex=\"0\">L\u2019allemand pour les diplomates<\/a>\n\t\t\t\t\t<\/div>\n\n\t\t\t\t\t<div id=\"elementor-tab-content-1831\" class=\"elementor-tab-content elementor-clearfix\" data-tab=\"1\" role=\"region\" aria-labelledby=\"elementor-tab-title-1831\"><p>En tant que diplomate ou membre d\u2019une ambassade d\u2019une repr\u00e9sentation \u00e9trang\u00e8re \u00e0 Berlin, vous b\u00e9n\u00e9ficiez d\u2019un enseignement linguistique et culturel personnel qui vous aidera \u00e0 trouver rapidement et efficacement les mots justes. Nous pouvons nous concentrer sur les th\u00e8mes qui vous concernent comme la politique &amp; l\u2019\u00e9conomie, l\u2019histoire allemande &amp; la g\u00e9ographie territoriale ou encore les m\u00e9dias &amp; la presse. Je vous apporte mon conseil dans la r\u00e9daction de discours et vous donne des astuces pour trouver le ton juste. Une prononciation claire et vivante fait partie int\u00e9grante de l\u2019enseignement. Je vous aide \u00e0 vous sentir rapidement chez vous \u00e0 Berlin en vous recommandant restaurants, march\u00e9s ou librairies. N\u2019h\u00e9sitez pas \u00e0 me demander !<\/p><p>\u00a0<\/p><p>Faites confiance \u00e0 mes ann\u00e9es d\u2019exp\u00e9rience et profitez de la possibilit\u00e9 de fixer rapidement des rendez-vous. Je garantis \u00e9videmment une confidentialit\u00e9 absolue. Je serai heureuse de vous citer des r\u00e9f\u00e9rences.<\/p><\/div>\n\t\t\t\t<\/div>\n\t\t\t\t\t\t\t<div class=\"elementor-toggle-item\">\n\t\t\t\t\t<div id=\"elementor-tab-title-1832\" class=\"elementor-tab-title\" data-tab=\"2\" role=\"button\" aria-controls=\"elementor-tab-content-1832\" aria-expanded=\"false\">\n\t\t\t\t\t\t\t\t\t\t\t\t<a class=\"elementor-toggle-title\" tabindex=\"0\">L\u2019allemand pour les \u00e9tudes et la science \/ STEM<\/a>\n\t\t\t\t\t<\/div>\n\n\t\t\t\t\t<div id=\"elementor-tab-content-1832\" class=\"elementor-tab-content elementor-clearfix\" data-tab=\"2\" role=\"region\" aria-labelledby=\"elementor-tab-title-1832\"><p>Chimiste de formation, les sciences naturelles me tiennent particuli\u00e8rement \u00e0 c\u0153ur : j\u2019enseigne la langue scientifique et d\u2019\u00e9tudes dans les mati\u00e8res STEM : science, technology, engineering, and mathematics.<\/p><p>Les \u00e9tudes et la recherche exigent un langage tr\u00e8s pr\u00e9cis et clair. Je vous aide \u00e0 l\u2019adopter.<\/p><p>Depuis 2017 au Studienkolleg international de l\u2019Universit\u00e9 technique de Berlin, je pr\u00e9pare des r\u00e9fugi\u00e9s \u00e0 des \u00e9tudes STEM gr\u00e2ce \u00e0 des cours de langue STEM.<\/p><\/div>\n\t\t\t\t<\/div>\n\t\t\t\t\t\t\t<div class=\"elementor-toggle-item\">\n\t\t\t\t\t<div id=\"elementor-tab-title-1833\" class=\"elementor-tab-title\" data-tab=\"3\" role=\"button\" aria-controls=\"elementor-tab-content-1833\" aria-expanded=\"false\">\n\t\t\t\t\t\t\t\t\t\t\t\t<a class=\"elementor-toggle-title\" tabindex=\"0\">Cours d\u2019expression orale<\/a>\n\t\t\t\t\t<\/div>\n\n\t\t\t\t\t<div id=\"elementor-tab-content-1833\" class=\"elementor-tab-content elementor-clearfix\" data-tab=\"3\" role=\"region\" aria-labelledby=\"elementor-tab-title-1833\"><p>Une prononciation claire et compr\u00e9hensible vous permettra de gagner en assurance dans votre communication professionnelle et quotidienne et de montrer vos comp\u00e9tences. La prononciation \u00e9tant un exercice tr\u00e8s personnel, un cours en face \u00e0 face sera le mieux adapt\u00e9 pour travailler sur la compr\u00e9hensibilit\u00e9 et la fluidit\u00e9 de l\u2019expression.<\/p><p>\u00a0<\/p><p>Tout est dans l\u2019articulation, c\u2019est-\u00e0-dire dans la formation des sons. Vous apprenez comment former les sons et entra\u00eenez sp\u00e9cifiquement les muscles concern\u00e9s. \/ Articuler est un sport !<\/p><p>\u00a0<\/p><p>Tout aussi important : l\u2019intonation, qu\u2019on appelle aussi la m\u00e9lodie de la phrase. Vous d\u00e9couvrez l\u2019importance de l\u2019accentuation d\u2019un mot et d\u2019une phrase pour \u00eatre compris. \/ L\u2019intonation est une musique !<\/p><\/div>\n\t\t\t\t<\/div>\n\t\t\t\t\t\t\t<div class=\"elementor-toggle-item\">\n\t\t\t\t\t<div id=\"elementor-tab-title-1834\" class=\"elementor-tab-title\" data-tab=\"4\" role=\"button\" aria-controls=\"elementor-tab-content-1834\" aria-expanded=\"false\">\n\t\t\t\t\t\t\t\t\t\t\t\t<a class=\"elementor-toggle-title\" tabindex=\"0\">Marcher &amp; parler<\/a>\n\t\t\t\t\t<\/div>\n\n\t\t\t\t\t<div id=\"elementor-tab-content-1834\" class=\"elementor-tab-content elementor-clearfix\" data-tab=\"4\" role=\"region\" aria-labelledby=\"elementor-tab-title-1834\"><p>Se promener tout en apprenant l\u2019allemand ?<\/p><p>Apprendre en mouvement a un effet positif sur la m\u00e9morisation !<\/p><p>Das best\u00e4tigen praxisrelevante Erkenntnisse aus Hirnforschung und Fremdsprachendidaktik.<\/p><p>S\u2019exercer ensemble en marchant et en parlant : nous nous donnons rendez-vous en ext\u00e9rieur dans des endroits stimulants ou qui appellent \u00e0 la d\u00e9tente. Berlin et Potsdam regorgent de parcours fascinants \u00e0 travers les for\u00eats, les parcs et m\u00eame les cimeti\u00e8res historiques. C\u2019est vous qui fixez le tempo !<\/p><\/div>\n\t\t\t\t<\/div>\n\t\t\t\t\t\t\t<div class=\"elementor-toggle-item\">\n\t\t\t\t\t<div id=\"elementor-tab-title-1835\" class=\"elementor-tab-title\" data-tab=\"5\" role=\"button\" aria-controls=\"elementor-tab-content-1835\" aria-expanded=\"false\">\n\t\t\t\t\t\t\t\t\t\t\t\t<a class=\"elementor-toggle-title\" tabindex=\"0\">\u00ab Bain linguistique \u00bb \u2013 la m\u00e9thode d\u2019immersion sp\u00e9ciale<\/a>\n\t\t\t\t\t<\/div>\n\n\t\t\t\t\t<div id=\"elementor-tab-content-1835\" class=\"elementor-tab-content elementor-clearfix\" data-tab=\"5\" role=\"region\" aria-labelledby=\"elementor-tab-title-1835\"><p>Prenez un \u00ab bain linguistique \u00bb et immergez-vous compl\u00e8tement dans la langue allemande, du matin au soir. Parler allemand tout en apprenant : voil\u00e0 un \u00e9norme d\u00e9fi qui a fait ses preuves.<\/p><p>\u00a0<\/p><p>Vous parlez, entendez et pensez en allemand toute la journ\u00e9e. Apr\u00e8s avoir pris le petit-d\u00e9jeuner ensemble, je vous accompagne tout au long de la journ\u00e9e : on passe des le\u00e7ons classiques aux situations authentiques qui offrent des occasions de parler tr\u00e8s vari\u00e9es \u2013 en balade dans la ville, au mus\u00e9e, en entreprise ou au restaurant. Lors du d\u00eener, nous revenons sur la journ\u00e9e et r\u00e9sumons nos aventures et structurons le nouveau vocabulaire.<\/p><p>\u00a0<\/p><p>Le contact \u00e9troit avec des Allemands dans des situations qui n\u00e9cessitent de s\u2019exprimer, vous permet d\u2019apprendre clairement et intuitivement. Nous parlons en allemand et pas seulement de l\u2019allemand. Et vous obtenez en m\u00eame temps un aper\u00e7u direct des m\u0153urs et de la culture.<\/p><p>Nous d\u00e9terminons ensemble le programme de la journ\u00e9e en fonction de vos int\u00e9r\u00eats et de vos besoins professionnels.<\/p><\/div>\n\t\t\t\t<\/div>\n\t\t\t\t\t\t\t<div class=\"elementor-toggle-item\">\n\t\t\t\t\t<div id=\"elementor-tab-title-1836\" class=\"elementor-tab-title\" data-tab=\"6\" role=\"button\" aria-controls=\"elementor-tab-content-1836\" aria-expanded=\"false\">\n\t\t\t\t\t\t\t\t\t\t\t\t<a class=\"elementor-toggle-title\" tabindex=\"0\">Sp\u00e9cial week-end<\/a>\n\t\t\t\t\t<\/div>\n\n\t\t\t\t\t<div id=\"elementor-tab-content-1836\" class=\"elementor-tab-content elementor-clearfix\" data-tab=\"6\" role=\"region\" aria-labelledby=\"elementor-tab-title-1836\"><p>Le temps et le calme n\u00e9cessaires vous manquent dans votre quotidien ? Un cours sp\u00e9cial le week-end vous offre la possibilit\u00e9 de vous concentrer sur votre apprentissage et de r\u00e9aliser des progr\u00e8s en peu de temps. Vous choisissez la dur\u00e9e et le contenu : nous clarifions par exemple des questions de grammaire, nous concentrons sur certaines comp\u00e9tences comme la r\u00e9daction \/ la correspondance professionnelle ou la compr\u00e9hension \u00e9crite de textes de votre choix. Nous nous consacrons \u00e0 la prononciation ou au th\u00e8me de votre choix et du vocabulaire correspondant, lisons des articles de presse \u00e0 ce sujet ou en discutons.<\/p><\/div>\n\t\t\t\t<\/div>\n\t\t\t\t\t\t\t<div class=\"elementor-toggle-item\">\n\t\t\t\t\t<div id=\"elementor-tab-title-1837\" class=\"elementor-tab-title\" data-tab=\"7\" role=\"button\" aria-controls=\"elementor-tab-content-1837\" aria-expanded=\"false\">\n\t\t\t\t\t\t\t\t\t\t\t\t<a class=\"elementor-toggle-title\" tabindex=\"0\">Tours de d\u00e9couverte<\/a>\n\t\t\t\t\t<\/div>\n\n\t\t\t\t\t<div id=\"elementor-tab-content-1837\" class=\"elementor-tab-content elementor-clearfix\" data-tab=\"7\" role=\"region\" aria-labelledby=\"elementor-tab-title-1837\"><p>Vous souhaitez visiter des sites du patrimoine mondial de l\u2019UNESCO ? D\u00e9couvrir les lieux historiques importants et de m\u00e9moire \u00e0 Berlin, dans le Brandebourg, en Saxe-Anhalt ou en Thuringe ? Le patrimoine industriel ? La villa Liebermann \u00e0 Wannsee ? Le Bundestag ou les studios de cin\u00e9ma \u00e0 Babelsberg ? Parcourir les march\u00e9s berlinois ? La maison d\u2019Einstein \u00e0 Caputh ? L\u2019usine BMW \u00e0 Berlin-Spandau ? Partir sur les traces de Marlene Dietrich ou de Joseph Roth dans le Berlin des ann\u00e9es 20 ?<\/p><p>Je vous fais des propositions et vous accompagne. Sur place, vous pouvez poser vos questions, lire des textes authentiques et entamer des discussions. Nous pr\u00e9parons ensemble les excursions et approfondissons par la suite le nouveau vocabulaire ou analysons des structures grammaticales.<\/p><p>Exemples d\u2019excursions (d\u2019un ou deux jours) :<br \/>Le Gartenreich de Dessau-W\u00f6rlitz, Dessau \u2013 la ville du Bauhaus, Wittenberg, Jena \u2013 la ville des lumi\u00e8res, sur les traces du Prince von P\u00fcckler \u00e0 Branitz ou Bad Muskau, la ville industrielle de Chemnitz, Eisenh\u00fcttenstadt et l\u2019abbaye de Neuzelle, la maison de Schiller \u00e0 Rudolstadt, les villes hans\u00e9atiques de Quedlinbourg \/ Magdebourg \/ Stendal \/ Havelberg, sur les traces de Theodor Fontane dans la marche du Brandebourg et bien d\u2019autres encore.<\/p><\/div>\n\t\t\t\t<\/div>\n\t\t\t\t\t\t\t\t<\/div>\n\t\t\t\t\t\t<\/div>\n\t\t\t\t<\/div>\n\t\t\t\t\t<\/div>\n\t\t<\/div>\n\t\t\t\t\t<\/div>\n\t\t<\/section>\n\t\t\t\t<\/div>","protected":false},"excerpt":{"rendered":"<p>Politik Gesellschaft Deutsche Geschichte Small Talk Studium Architektur Kunst &#038; Kultur Wissenschaft Lehre Zur\u00fcck Weiter Deutsch lernen \u2013 ganz individuell\u200b Mein vielf\u00e4ltiges Angebot richtet sich insbesondere an Diplomaten, internationale Fach- und F\u00fchrungskr\u00e4fte, Akademiker und Studenten: \u00a0 ma\u00dfgeschneiderter Unterricht one-to-one f\u00fcr Einzelpersonen oder f\u00fcr kleine Gruppen (bis 6 Personen) auf den Stufen A1 &#8211; C2 des &#8230; <a title=\"Cours d\u2019allemand individuels\" class=\"read-more\" href=\"https:\/\/deutsch-im-dialog.eu\/fr\/individuelle-deutschkurse\/\" aria-label=\"En savoir plus sur Individuelle Deutschkurse\">Lire la suite<\/a><\/p>","protected":false},"author":1,"featured_media":0,"parent":0,"menu_order":2,"comment_status":"closed","ping_status":"closed","template":"elementor_canvas","meta":{"footnotes":""},"class_list":["post-1213","page","type-page","status-publish"],"aioseo_notices":[],"_links":{"self":[{"href":"https:\/\/deutsch-im-dialog.eu\/fr\/wp-json\/wp\/v2\/pages\/1213","targetHints":{"allow":["GET"]}}],"collection":[{"href":"https:\/\/deutsch-im-dialog.eu\/fr\/wp-json\/wp\/v2\/pages"}],"about":[{"href":"https:\/\/deutsch-im-dialog.eu\/fr\/wp-json\/wp\/v2\/types\/page"}],"author":[{"embeddable":true,"href":"https:\/\/deutsch-im-dialog.eu\/fr\/wp-json\/wp\/v2\/users\/1"}],"replies":[{"embeddable":true,"href":"https:\/\/deutsch-im-dialog.eu\/fr\/wp-json\/wp\/v2\/comments?post=1213"}],"version-history":[{"count":78,"href":"https:\/\/deutsch-im-dialog.eu\/fr\/wp-json\/wp\/v2\/pages\/1213\/revisions"}],"predecessor-version":[{"id":1687,"href":"https:\/\/deutsch-im-dialog.eu\/fr\/wp-json\/wp\/v2\/pages\/1213\/revisions\/1687"}],"wp:attachment":[{"href":"https:\/\/deutsch-im-dialog.eu\/fr\/wp-json\/wp\/v2\/media?parent=1213"}],"curies":[{"name":"wp","href":"https:\/\/api.w.org\/{rel}","templated":true}]}}